{"id":440,"date":"2021-08-02T15:44:20","date_gmt":"2021-08-02T15:44:20","guid":{"rendered":"https:\/\/autoecoletom.lu\/categorie-b-conduite-accompagnee-voiture\/"},"modified":"2021-09-07T08:47:13","modified_gmt":"2021-09-07T08:47:13","slug":"categorie-b-conduite-accompagnee-voiture","status":"publish","type":"page","link":"https:\/\/autoecoletom.lu\/fr\/categorie-b-conduite-accompagnee-voiture\/","title":{"rendered":"Cat\u00e9gorie B &#8211; Conduite accompagn\u00e9e (voiture)"},"content":{"rendered":"<p>[et_pb_section fb_built=\u00a0\u00bb1&Prime; _builder_version=\u00a0\u00bb4.9.9&Prime; _module_preset=\u00a0\u00bbdefault\u00a0\u00bb background_color=\u00a0\u00bb#f9f9f9&Prime; custom_padding=\u00a0\u00bb0px||0px|||\u00a0\u00bb][et_pb_row _builder_version=\u00a0\u00bb4.9.9&Prime; _module_preset=\u00a0\u00bbdefault\u00a0\u00bb][et_pb_column type=\u00a0\u00bb4_4&Prime; _builder_version=\u00a0\u00bb4.9.9&Prime; _module_preset=\u00a0\u00bbdefault\u00a0\u00bb][et_pb_text _builder_version=\u00a0\u00bb4.9.10&Prime; _module_preset=\u00a0\u00bbdefault\u00a0\u00bb custom_padding=\u00a0\u00bb||0px|||\u00a0\u00bb]<\/p>\n<h2>CAT\u00c9GORIE B &#8211; CONDUITE ACCOMPAGN\u00c9E (VOITURE)<\/h2>\n<p>[\/et_pb_text][\/et_pb_column][\/et_pb_row][\/et_pb_section][et_pb_section fb_built=\u00a0\u00bb1&Prime; _builder_version=\u00a0\u00bb4.9.10&Prime; _module_preset=\u00a0\u00bbdefault\u00a0\u00bb background_color=\u00a0\u00bb#0045bc\u00a0\u00bb custom_padding=\u00a0\u00bb0px||0px|||\u00a0\u00bb global_module=\u00a0\u00bb707&Prime;][et_pb_row make_equal=\u00a0\u00bbon\u00a0\u00bb _builder_version=\u00a0\u00bb4.9.10&Prime; _module_preset=\u00a0\u00bbdefault\u00a0\u00bb module_alignment=\u00a0\u00bbcenter\u00a0\u00bb custom_padding=\u00a0\u00bb||||false|false\u00a0\u00bb][et_pb_column type=\u00a0\u00bb4_4&Prime; _builder_version=\u00a0\u00bb4.9.10&Prime; _module_preset=\u00a0\u00bbdefault\u00a0\u00bb][et_pb_blurb title=\u00a0\u00bbDemande d&rsquo;obtention d&rsquo;un permis\u00a0\u00bb use_icon=\u00a0\u00bbon\u00a0\u00bb font_icon=\u00a0\u00bb%%65%%\u00a0\u00bb icon_color=\u00a0\u00bb#FFFFFF\u00a0\u00bb icon_placement=\u00a0\u00bbleft\u00a0\u00bb content_max_width=\u00a0\u00bb100%\u00a0\u00bb use_icon_font_size=\u00a0\u00bbon\u00a0\u00bb icon_font_size=\u00a0\u00bb2.8rem\u00a0\u00bb module_class=\u00a0\u00bbcustom-blurb\u00a0\u00bb _builder_version=\u00a0\u00bb4.9.10&Prime; _module_preset=\u00a0\u00bbdefault\u00a0\u00bb header_text_color=\u00a0\u00bb#FFFFFF\u00a0\u00bb custom_padding=\u00a0\u00bb||||false|false\u00a0\u00bb link_option_url=\u00a0\u00bb\/wp-content\/uploads\/2021\/09\/demande-obtention-permis-fr.pdf\u00a0\u00bb link_option_url_new_window=\u00a0\u00bbon\u00a0\u00bb transform_styles__hover_enabled=\u00a0\u00bbon|desktop\u00a0\u00bb transform_scale__hover_enabled=\u00a0\u00bbon|desktop\u00a0\u00bb transform_translate__hover_enabled=\u00a0\u00bbon|desktop\u00a0\u00bb transform_rotate__hover_enabled=\u00a0\u00bbon|desktop\u00a0\u00bb transform_skew__hover_enabled=\u00a0\u00bbon|desktop\u00a0\u00bb transform_origin__hover_enabled=\u00a0\u00bbon|desktop\u00a0\u00bb transform_scale__hover=\u00a0\u00bb110%|110%\u00a0\u00bb][\/et_pb_blurb][\/et_pb_column][\/et_pb_row][\/et_pb_section][et_pb_section fb_built=\u00a0\u00bb1&Prime; specialty=\u00a0\u00bbon\u00a0\u00bb _builder_version=\u00a0\u00bb4.9.9&Prime; _module_preset=\u00a0\u00bbdefault\u00a0\u00bb border_color_top=\u00a0\u00bbrgba(0,0,0,0)\u00a0\u00bb box_shadow_style=\u00a0\u00bbpreset1&Prime; box_shadow_spread=\u00a0\u00bb-13px\u00a0\u00bb box_shadow_color=\u00a0\u00bbrgba(0,0,0,0.28)\u00a0\u00bb][et_pb_column type=\u00a0\u00bb1_2&Prime; _builder_version=\u00a0\u00bb3.25&Prime; custom_padding=\u00a0\u00bb|||\u00a0\u00bb custom_padding__hover=\u00a0\u00bb|||\u00a0\u00bb][et_pb_image src=\u00a0\u00bbhttps:\/\/autoecoletom.lu\/wp-content\/uploads\/2021\/08\/caricon.jpg\u00a0\u00bb title_text=\u00a0\u00bbcaricon\u00a0\u00bb _builder_version=\u00a0\u00bb4.9.10&Prime; _module_preset=\u00a0\u00bbdefault\u00a0\u00bb width=\u00a0\u00bb80%\u00a0\u00bb module_alignment=\u00a0\u00bbright\u00a0\u00bb][\/et_pb_image][\/et_pb_column][et_pb_column type=\u00a0\u00bb1_2&Prime; specialty_columns=\u00a0\u00bb2&Prime; _builder_version=\u00a0\u00bb3.25&Prime; custom_padding=\u00a0\u00bb|||\u00a0\u00bb custom_padding__hover=\u00a0\u00bb|||\u00a0\u00bb][et_pb_row_inner _builder_version=\u00a0\u00bb4.9.9&Prime; _module_preset=\u00a0\u00bbdefault\u00a0\u00bb background_color=\u00a0\u00bb#FFFFFF\u00a0\u00bb custom_margin=\u00a0\u00bb||0rem||false|false\u00a0\u00bb custom_padding=\u00a0\u00bb1rem|2rem|1rem|2rem|false|false\u00a0\u00bb border_radii=\u00a0\u00bbon|8px|8px|8px|8px\u00a0\u00bb border_width_all=\u00a0\u00bb1px\u00a0\u00bb border_color_all=\u00a0\u00bb#ed0000&Prime;][et_pb_column_inner saved_specialty_column_type=\u00a0\u00bb1_2&Prime; _builder_version=\u00a0\u00bb4.9.9&Prime; _module_preset=\u00a0\u00bbdefault\u00a0\u00bb][et_pb_text _builder_version=\u00a0\u00bb4.9.9&Prime; _module_preset=\u00a0\u00bbdefault\u00a0\u00bb text_text_color=\u00a0\u00bb#ed0000&Prime; text_font_size=\u00a0\u00bb1rem\u00a0\u00bb]<\/p>\n<p><strong>Documents requis pour l&rsquo;inscription :<\/strong><\/p>\n<p>[\/et_pb_text][et_pb_divider color=\u00a0\u00bbrgba(0,0,0,0.08)\u00a0\u00bb divider_weight=\u00a0\u00bb1px\u00a0\u00bb _builder_version=\u00a0\u00bb4.9.9&Prime; _module_preset=\u00a0\u00bbdefault\u00a0\u00bb custom_margin=\u00a0\u00bb-15px||1px||false|false\u00a0\u00bb custom_padding=\u00a0\u00bb0px||0px||false|false\u00a0\u00bb][\/et_pb_divider][et_pb_text module_class=\u00a0\u00bbhourbox\u00a0\u00bb _builder_version=\u00a0\u00bb4.9.10&Prime; _module_preset=\u00a0\u00bbdefault\u00a0\u00bb hover_enabled=\u00a0\u00bb0&Prime; custom_css_main_element=\u00a0\u00bbbackground: #ED0000!important;||\u00a0\u00bb sticky_enabled=\u00a0\u00bb0&Prime;]<\/p>\n<p>\u00c2ge minimum : 17 ans<\/p>\n<p>[\/et_pb_text][et_pb_text _builder_version=\u00a0\u00bb4.9.10&Prime; _module_preset=\u00a0\u00bbdefault\u00a0\u00bb custom_margin=\u00a0\u00bb-9px|||||\u00a0\u00bb]<\/p>\n<ul>\n<li><strong>Certificat m\u00e9dical : <\/strong> datant de moins de 3 mois<\/li>\n<li><strong>1 Photo d\u2019identit\u00e9 : <\/strong> r\u00e9cente (prise de face) au format 45 x 35mm<\/li>\n<li><strong>Photocopie de la carte d&rsquo;identit\u00e9<\/strong> de vos accompagnateurs<\/li>\n<li><strong>Photocopie de ta carte d\u2019identit\u00e9<\/strong><\/li>\n<li><strong>Assurance(s) sp\u00e9ciale(s) d\u2019apprentissage<\/strong> pour le(s) v\u00e9hicule(s) servant \u00e0 la conduite accompagn\u00e9e<\/li>\n<li><strong>Signature de la demande<\/strong> par un des parents + photocopie de leur carte d\u2019identit\u00e9, si tu n\u2019es pas encore majeur<\/li>\n<li><strong>Extrait du casier judiciaire du pays d\u2019origine,<\/strong> si ta r\u00e9sidence au Luxembourg remonte \u00e0 moins de 5 ans<\/li>\n<\/ul>\n<p>[\/et_pb_text][\/et_pb_column_inner][\/et_pb_row_inner][et_pb_row_inner _builder_version=\u00a0\u00bb4.9.10&Prime; _module_preset=\u00a0\u00bbdefault\u00a0\u00bb custom_padding=\u00a0\u00bb20px|||||\u00a0\u00bb][et_pb_column_inner saved_specialty_column_type=\u00a0\u00bb1_2&Prime; _builder_version=\u00a0\u00bb4.9.10&Prime; _module_preset=\u00a0\u00bbdefault\u00a0\u00bb][et_pb_button button_url=\u00a0\u00bb\/wp-content\/uploads\/2021\/07\/Rapport-CA.pdf\u00a0\u00bb url_new_window=\u00a0\u00bbon\u00a0\u00bb button_text=\u00a0\u00bbRapport CA\u00a0\u00bb button_alignment=\u00a0\u00bbcenter\u00a0\u00bb _builder_version=\u00a0\u00bb4.9.10&Prime; _module_preset=\u00a0\u00bbdefault\u00a0\u00bb custom_button=\u00a0\u00bbon\u00a0\u00bb button_text_size=\u00a0\u00bb1rem\u00a0\u00bb button_text_color=\u00a0\u00bb#FFFFFF\u00a0\u00bb button_bg_color=\u00a0\u00bb#ed0000&Prime; button_border_color=\u00a0\u00bb#ed0000&Prime;][\/et_pb_button][\/et_pb_column_inner][\/et_pb_row_inner][et_pb_row_inner _builder_version=\u00a0\u00bb4.9.9&Prime; _module_preset=\u00a0\u00bbdefault\u00a0\u00bb background_color=\u00a0\u00bb#FFFFFF\u00a0\u00bb custom_margin=\u00a0\u00bb||2rem||false|false\u00a0\u00bb custom_padding=\u00a0\u00bb1rem|2rem|1rem|2rem|false|false\u00a0\u00bb border_radii=\u00a0\u00bbon|8px|8px|8px|8px\u00a0\u00bb border_width_all=\u00a0\u00bb1px\u00a0\u00bb border_color_all=\u00a0\u00bb#0056c6&Prime;][et_pb_column_inner saved_specialty_column_type=\u00a0\u00bb1_2&Prime; _builder_version=\u00a0\u00bb4.9.9&Prime; _module_preset=\u00a0\u00bbdefault\u00a0\u00bb][et_pb_text _builder_version=\u00a0\u00bb4.9.10&Prime; _module_preset=\u00a0\u00bbdefault\u00a0\u00bb text_text_color=\u00a0\u00bb#2c3741&Prime;]<strong>Nombre minimum d&rsquo;heures th\u00e9oriques : <\/strong><\/p>\n<div class=\"hourbox\">12 heures<\/div>\n<p>(6 heures si un permis de conduire d&rsquo;une autre classe est disponible).[\/et_pb_text][et_pb_text _builder_version=\u00a0\u00bb4.9.10&Prime; _module_preset=\u00a0\u00bbdefault\u00a0\u00bb text_text_color=\u00a0\u00bb#2c3741&Prime;]<\/p>\n<p><strong>Nombre minimum d&rsquo;heures pratiques : <\/strong><\/p>\n<div class=\"hourbox\">16 heures<\/div>\n<p>[\/et_pb_text][\/et_pb_column_inner][\/et_pb_row_inner][\/et_pb_column][\/et_pb_section][et_pb_section fb_built=\u00a0\u00bb1&Prime; _builder_version=\u00a0\u00bb4.9.9&Prime; _module_preset=\u00a0\u00bbdefault\u00a0\u00bb][et_pb_row _builder_version=\u00a0\u00bb4.9.10&Prime; _module_preset=\u00a0\u00bbdefault\u00a0\u00bb][et_pb_column type=\u00a0\u00bb4_4&Prime; _builder_version=\u00a0\u00bb4.9.10&Prime; _module_preset=\u00a0\u00bbdefault\u00a0\u00bb][et_pb_accordion _builder_version=\u00a0\u00bb4.9.10&Prime; _module_preset=\u00a0\u00bbdefault\u00a0\u00bb][et_pb_accordion_item title=\u00a0\u00bbLa ou les personnes accompagnantes\u00a0\u00bb open=\u00a0\u00bbon\u00a0\u00bb _builder_version=\u00a0\u00bb4.9.10&Prime; _module_preset=\u00a0\u00bbdefault\u00a0\u00bb]<\/p>\n<p>Deux parents ou membres de la famille au premier\/second degr\u00e9 peuvent accompagner un candidat en m\u00eame temps. \u00c0 l&rsquo;exception des parents ou des membres de la famille au premier ou au deuxi\u00e8me degr\u00e9, personne ne peut \u00eatre le compagnon de plus d&rsquo;un candidat \u00e0 la fois. Le compagnon doit \u00eatre titulaire d&rsquo;un permis de conduire de classe B depuis au moins 6 ans. Le pr\u00e9pos\u00e9 doit pouvoir justifier, sur la base d&rsquo;un extrait judiciaire, ne pas avoir fait l&rsquo;objet d&rsquo;une condamnation en mati\u00e8re de l\u00e9gislation routi\u00e8re, ni d&rsquo;une d\u00e9ch\u00e9ance administrative ou judiciaire en mati\u00e8re de l\u00e9gislation routi\u00e8re au cours des 5 derni\u00e8res ann\u00e9es.<\/p>\n<p>[\/et_pb_accordion_item][et_pb_accordion_item title=\u00a0\u00bbConditions pour \u00eatre admis \u00e0 la conduite accompagn\u00e9e :\u00a0\u00bb _builder_version=\u00a0\u00bb4.9.10&Prime; _module_preset=\u00a0\u00bbdefault\u00a0\u00bb body_ul_type=\u00a0\u00bbsquare\u00a0\u00bb open=\u00a0\u00bboff\u00a0\u00bb]<\/p>\n<ul>\n<li>Le candidat doit avoir r\u00e9ussi l&rsquo;examen th\u00e9orique. Le candidat doit avoir accompli au moins 12 heures pratiques. L&rsquo;accompagnateur doit \u00eatre pr\u00e9sent pendant au moins 2 des heures pratiques du candidat. L&rsquo;attestation de formation \u00e0 la conduite accompagn\u00e9e du permis de conduire doit \u00eatre valablement d\u00e9clar\u00e9e. <strong>Conditions relatives au v\u00e9hicule utilis\u00e9 pour la conduite accompagn\u00e9e :<\/strong><\/li>\n<li>Le v\u00e9hicule doit correspondre \u00e0 la cat\u00e9gorie de la classe B du permis de conduire. Le v\u00e9hicule doit porter la lettre \u00ab\u00a0L\u00a0\u00bb sur un fond rouge. <strong>R\u00e8gles \u00e0 respecter lors de la conduite accompagn\u00e9e :<\/strong><\/li>\n<li>L&rsquo;accompagnateur doit s&rsquo;asseoir \u00e0 l&rsquo;avant. La conduite accompagn\u00e9e est interdite entre 23h00 et 6h00. La conduite accompagn\u00e9e est interdite en dehors du territoire luxembourgeois. Le candidat doit \u00eatre en mesure de pr\u00e9senter son permis de conduire, son certificat de formation et sa carte d&rsquo;identit\u00e9 sur demande. L&rsquo;accompagnateur doit conserver une trace \u00e9crite de l&rsquo;\u00e9volution du candidat. Toute infraction \u00e0 la l\u00e9gislation sur la circulation routi\u00e8re entra\u00eenera l&rsquo;annulation du permis de conduire accompagn\u00e9. <strong>Pr\u00e9paration \u00e0 l&rsquo;examen pratique :<\/strong><\/li>\n<li>Avant l&rsquo;examen pratique, le candidat doit avoir effectu\u00e9 au moins 4 heures pratiques suppl\u00e9mentaires avec son instructeur (auto-\u00e9cole). Le ou les accompagnateurs doivent remettre un rapport \u00e9crit \u00e0 l&rsquo;instructeur de conduite.<\/li>\n<li>Apr\u00e8s un \u00e9ventuel \u00e9chec \u00e0 l&rsquo;examen pratique, la conduite accompagn\u00e9e ne peut \u00eatre poursuivie qu&rsquo;apr\u00e8s au moins 5 heures pratiques suppl\u00e9mentaires avec l&rsquo;instructeur. Avant de se repr\u00e9senter \u00e0 l&rsquo;examen pratique, le candidat doit suivre au moins 3 heures suppl\u00e9mentaires.<\/li>\n<\/ul>\n<p>[\/et_pb_accordion_item][\/et_pb_accordion][\/et_pb_column][\/et_pb_row][\/et_pb_section][et_pb_section fb_built=\u00a0\u00bb1&Prime; _builder_version=\u00a0\u00bb4.9.9&Prime; _module_preset=\u00a0\u00bbdefault\u00a0\u00bb background_color=\u00a0\u00bb#0056c6&Prime; custom_padding=\u00a0\u00bb0px|||||\u00a0\u00bb][et_pb_row _builder_version=\u00a0\u00bb4.9.9&Prime; _module_preset=\u00a0\u00bbdefault\u00a0\u00bb][et_pb_column type=\u00a0\u00bb4_4&Prime; _builder_version=\u00a0\u00bb4.9.9&Prime; _module_preset=\u00a0\u00bbdefault\u00a0\u00bb][et_pb_text _builder_version=\u00a0\u00bb4.9.9&Prime; _module_preset=\u00a0\u00bbdefault\u00a0\u00bb text_text_color=\u00a0\u00bb#FFFFFF\u00a0\u00bb]<\/p>\n<p><strong>Remise du permis de conduire :<\/strong><br \/>Une fois l&rsquo;examen pratique r\u00e9ussi, le permis de conduire provisoire est d\u00e9livr\u00e9 pour la dur\u00e9e de la p\u00e9riode de stage, soit 24 mois.<\/p>\n<p>Au plus t\u00f4t 3 mois apr\u00e8s la d\u00e9livrance de ce permis de conduire provisoire, le titulaire doit suivre un cours pratique de conduite au \u00ab\u00a0Centre de Formation pour Conducteurs\u00a0\u00bb \u00e0 Colmar-Berg.<\/p>\n<p>Apr\u00e8s le temps de stage et la participation au \u00ab\u00a0Centre de Formation pour Conducteurs\u00a0\u00bb, la licence d\u00e9finitive est d\u00e9livr\u00e9e.<\/p>\n<p>[\/et_pb_text][\/et_pb_column][\/et_pb_row][\/et_pb_section]<\/p>\n","protected":false},"excerpt":{"rendered":"<p>CAT\u00c9GORIE B &#8211; CONDUITE ACCOMPAGN\u00c9E (VOITURE)Documents requis pour l&rsquo;inscription :\u00c2ge minimum : 17 ans Certificat m\u00e9dical : datant de moins de 3 mois 1 Photo d\u2019identit\u00e9 : r\u00e9cente (prise de face) au format 45 x 35mm Photocopie de la carte d&rsquo;identit\u00e9 de vos accompagnateurs Photocopie de ta carte d\u2019identit\u00e9 Assurance(s) sp\u00e9ciale(s) d\u2019apprentissage pour le(s) v\u00e9hicule(s) [&hellip;]<\/p>\n","protected":false},"author":7,"featured_media":0,"parent":0,"menu_order":0,"comment_status":"closed","ping_status":"closed","template":"","meta":{"_et_pb_use_builder":"on","_et_pb_old_content":"","_et_gb_content_width":"","footnotes":""},"class_list":["post-440","page","type-page","status-publish","hentry"],"yoast_head":"<!-- This site is optimized with the Yoast SEO plugin v27.5 - https:\/\/yoast.com\/product\/yoast-seo-wordpress\/ -->\n<title>Cat\u00e9gorie B - Conduite accompagn\u00e9e (voiture) - Auto Ecole Tom<\/title>\n<meta name=\"robots\" content=\"index, follow, max-snippet:-1, max-image-preview:large, max-video-preview:-1\" \/>\n<link rel=\"canonical\" href=\"https:\/\/autoecoletom.lu\/fr\/categorie-b-conduite-accompagnee-voiture\/\" \/>\n<meta property=\"og:locale\" content=\"fr_FR\" \/>\n<meta property=\"og:type\" content=\"article\" \/>\n<meta property=\"og:title\" content=\"Cat\u00e9gorie B - Conduite accompagn\u00e9e (voiture) - Auto Ecole Tom\" \/>\n<meta property=\"og:description\" content=\"CAT\u00c9GORIE B - CONDUITE ACCOMPAGN\u00c9E (VOITURE)Documents requis pour l&#039;inscription :\u00c2ge minimum : 17 ans Certificat m\u00e9dical : datant de moins de 3 mois 1 Photo d\u2019identit\u00e9 : r\u00e9cente (prise de face) au format 45 x 35mm Photocopie de la carte d&#039;identit\u00e9 de vos accompagnateurs Photocopie de ta carte d\u2019identit\u00e9 Assurance(s) sp\u00e9ciale(s) d\u2019apprentissage pour le(s) v\u00e9hicule(s) [&hellip;]\" \/>\n<meta property=\"og:url\" content=\"https:\/\/autoecoletom.lu\/fr\/categorie-b-conduite-accompagnee-voiture\/\" \/>\n<meta property=\"og:site_name\" content=\"Auto Ecole Tom\" \/>\n<meta property=\"article:modified_time\" content=\"2021-09-07T08:47:13+00:00\" \/>\n<meta name=\"twitter:card\" content=\"summary_large_image\" \/>\n<meta name=\"twitter:label1\" content=\"Dur\u00e9e de lecture estim\u00e9e\" \/>\n\t<meta name=\"twitter:data1\" content=\"7 minutes\" \/>\n<script type=\"application\/ld+json\" class=\"yoast-schema-graph\">{\"@context\":\"https:\\\/\\\/schema.org\",\"@graph\":[{\"@type\":\"WebPage\",\"@id\":\"https:\\\/\\\/autoecoletom.lu\\\/fr\\\/categorie-b-conduite-accompagnee-voiture\\\/\",\"url\":\"https:\\\/\\\/autoecoletom.lu\\\/fr\\\/categorie-b-conduite-accompagnee-voiture\\\/\",\"name\":\"Cat\u00e9gorie B - Conduite accompagn\u00e9e (voiture) - Auto Ecole Tom\",\"isPartOf\":{\"@id\":\"https:\\\/\\\/autoecoletom.lu\\\/fr\\\/#website\"},\"datePublished\":\"2021-08-02T15:44:20+00:00\",\"dateModified\":\"2021-09-07T08:47:13+00:00\",\"breadcrumb\":{\"@id\":\"https:\\\/\\\/autoecoletom.lu\\\/fr\\\/categorie-b-conduite-accompagnee-voiture\\\/#breadcrumb\"},\"inLanguage\":\"fr-FR\",\"potentialAction\":[{\"@type\":\"ReadAction\",\"target\":[\"https:\\\/\\\/autoecoletom.lu\\\/fr\\\/categorie-b-conduite-accompagnee-voiture\\\/\"]}]},{\"@type\":\"BreadcrumbList\",\"@id\":\"https:\\\/\\\/autoecoletom.lu\\\/fr\\\/categorie-b-conduite-accompagnee-voiture\\\/#breadcrumb\",\"itemListElement\":[{\"@type\":\"ListItem\",\"position\":1,\"name\":\"Home\",\"item\":\"https:\\\/\\\/autoecoletom.lu\\\/fr\\\/page-daccueil\\\/\"},{\"@type\":\"ListItem\",\"position\":2,\"name\":\"Cat\u00e9gorie B &#8211; Conduite accompagn\u00e9e (voiture)\"}]},{\"@type\":\"WebSite\",\"@id\":\"https:\\\/\\\/autoecoletom.lu\\\/fr\\\/#website\",\"url\":\"https:\\\/\\\/autoecoletom.lu\\\/fr\\\/\",\"name\":\"Auto Ecole Tom\",\"description\":\"\",\"publisher\":{\"@id\":\"https:\\\/\\\/autoecoletom.lu\\\/fr\\\/#organization\"},\"potentialAction\":[{\"@type\":\"SearchAction\",\"target\":{\"@type\":\"EntryPoint\",\"urlTemplate\":\"https:\\\/\\\/autoecoletom.lu\\\/fr\\\/?s={search_term_string}\"},\"query-input\":{\"@type\":\"PropertyValueSpecification\",\"valueRequired\":true,\"valueName\":\"search_term_string\"}}],\"inLanguage\":\"fr-FR\"},{\"@type\":\"Organization\",\"@id\":\"https:\\\/\\\/autoecoletom.lu\\\/fr\\\/#organization\",\"name\":\"Auto Ecole Tom\",\"url\":\"https:\\\/\\\/autoecoletom.lu\\\/fr\\\/\",\"logo\":{\"@type\":\"ImageObject\",\"inLanguage\":\"fr-FR\",\"@id\":\"https:\\\/\\\/autoecoletom.lu\\\/fr\\\/#\\\/schema\\\/logo\\\/image\\\/\",\"url\":\"https:\\\/\\\/autoecoletom.lu\\\/wp-content\\\/uploads\\\/2021\\\/07\\\/logo-large.png\",\"contentUrl\":\"https:\\\/\\\/autoecoletom.lu\\\/wp-content\\\/uploads\\\/2021\\\/07\\\/logo-large.png\",\"width\":1912,\"height\":1008,\"caption\":\"Auto Ecole Tom\"},\"image\":{\"@id\":\"https:\\\/\\\/autoecoletom.lu\\\/fr\\\/#\\\/schema\\\/logo\\\/image\\\/\"}}]}<\/script>\n<!-- \/ Yoast SEO plugin. -->","yoast_head_json":{"title":"Cat\u00e9gorie B - Conduite accompagn\u00e9e (voiture) - Auto Ecole Tom","robots":{"index":"index","follow":"follow","max-snippet":"max-snippet:-1","max-image-preview":"max-image-preview:large","max-video-preview":"max-video-preview:-1"},"canonical":"https:\/\/autoecoletom.lu\/fr\/categorie-b-conduite-accompagnee-voiture\/","og_locale":"fr_FR","og_type":"article","og_title":"Cat\u00e9gorie B - Conduite accompagn\u00e9e (voiture) - Auto Ecole Tom","og_description":"CAT\u00c9GORIE B - CONDUITE ACCOMPAGN\u00c9E (VOITURE)Documents requis pour l'inscription :\u00c2ge minimum : 17 ans Certificat m\u00e9dical : datant de moins de 3 mois 1 Photo d\u2019identit\u00e9 : r\u00e9cente (prise de face) au format 45 x 35mm Photocopie de la carte d'identit\u00e9 de vos accompagnateurs Photocopie de ta carte d\u2019identit\u00e9 Assurance(s) sp\u00e9ciale(s) d\u2019apprentissage pour le(s) v\u00e9hicule(s) [&hellip;]","og_url":"https:\/\/autoecoletom.lu\/fr\/categorie-b-conduite-accompagnee-voiture\/","og_site_name":"Auto Ecole Tom","article_modified_time":"2021-09-07T08:47:13+00:00","twitter_card":"summary_large_image","twitter_misc":{"Dur\u00e9e de lecture estim\u00e9e":"7 minutes"},"schema":{"@context":"https:\/\/schema.org","@graph":[{"@type":"WebPage","@id":"https:\/\/autoecoletom.lu\/fr\/categorie-b-conduite-accompagnee-voiture\/","url":"https:\/\/autoecoletom.lu\/fr\/categorie-b-conduite-accompagnee-voiture\/","name":"Cat\u00e9gorie B - Conduite accompagn\u00e9e (voiture) - Auto Ecole Tom","isPartOf":{"@id":"https:\/\/autoecoletom.lu\/fr\/#website"},"datePublished":"2021-08-02T15:44:20+00:00","dateModified":"2021-09-07T08:47:13+00:00","breadcrumb":{"@id":"https:\/\/autoecoletom.lu\/fr\/categorie-b-conduite-accompagnee-voiture\/#breadcrumb"},"inLanguage":"fr-FR","potentialAction":[{"@type":"ReadAction","target":["https:\/\/autoecoletom.lu\/fr\/categorie-b-conduite-accompagnee-voiture\/"]}]},{"@type":"BreadcrumbList","@id":"https:\/\/autoecoletom.lu\/fr\/categorie-b-conduite-accompagnee-voiture\/#breadcrumb","itemListElement":[{"@type":"ListItem","position":1,"name":"Home","item":"https:\/\/autoecoletom.lu\/fr\/page-daccueil\/"},{"@type":"ListItem","position":2,"name":"Cat\u00e9gorie B &#8211; Conduite accompagn\u00e9e (voiture)"}]},{"@type":"WebSite","@id":"https:\/\/autoecoletom.lu\/fr\/#website","url":"https:\/\/autoecoletom.lu\/fr\/","name":"Auto Ecole Tom","description":"","publisher":{"@id":"https:\/\/autoecoletom.lu\/fr\/#organization"},"potentialAction":[{"@type":"SearchAction","target":{"@type":"EntryPoint","urlTemplate":"https:\/\/autoecoletom.lu\/fr\/?s={search_term_string}"},"query-input":{"@type":"PropertyValueSpecification","valueRequired":true,"valueName":"search_term_string"}}],"inLanguage":"fr-FR"},{"@type":"Organization","@id":"https:\/\/autoecoletom.lu\/fr\/#organization","name":"Auto Ecole Tom","url":"https:\/\/autoecoletom.lu\/fr\/","logo":{"@type":"ImageObject","inLanguage":"fr-FR","@id":"https:\/\/autoecoletom.lu\/fr\/#\/schema\/logo\/image\/","url":"https:\/\/autoecoletom.lu\/wp-content\/uploads\/2021\/07\/logo-large.png","contentUrl":"https:\/\/autoecoletom.lu\/wp-content\/uploads\/2021\/07\/logo-large.png","width":1912,"height":1008,"caption":"Auto Ecole Tom"},"image":{"@id":"https:\/\/autoecoletom.lu\/fr\/#\/schema\/logo\/image\/"}}]}},"_links":{"self":[{"href":"https:\/\/autoecoletom.lu\/fr\/wp-json\/wp\/v2\/pages\/440","targetHints":{"allow":["GET"]}}],"collection":[{"href":"https:\/\/autoecoletom.lu\/fr\/wp-json\/wp\/v2\/pages"}],"about":[{"href":"https:\/\/autoecoletom.lu\/fr\/wp-json\/wp\/v2\/types\/page"}],"author":[{"embeddable":true,"href":"https:\/\/autoecoletom.lu\/fr\/wp-json\/wp\/v2\/users\/7"}],"replies":[{"embeddable":true,"href":"https:\/\/autoecoletom.lu\/fr\/wp-json\/wp\/v2\/comments?post=440"}],"version-history":[{"count":22,"href":"https:\/\/autoecoletom.lu\/fr\/wp-json\/wp\/v2\/pages\/440\/revisions"}],"predecessor-version":[{"id":913,"href":"https:\/\/autoecoletom.lu\/fr\/wp-json\/wp\/v2\/pages\/440\/revisions\/913"}],"wp:attachment":[{"href":"https:\/\/autoecoletom.lu\/fr\/wp-json\/wp\/v2\/media?parent=440"}],"curies":[{"name":"wp","href":"https:\/\/api.w.org\/{rel}","templated":true}]}}